{"id":445,"date":"2020-12-07T17:30:00","date_gmt":"2020-12-07T16:30:00","guid":{"rendered":"http:\/\/julienpilon.fr\/?post_type=project&#038;p=445"},"modified":"2026-03-26T16:18:41","modified_gmt":"2026-03-26T15:18:41","slug":"syrah-frontiere","status":"publish","type":"project","link":"https:\/\/julienpilon.fr\/index.php\/project\/syrah-frontiere\/","title":{"rendered":"fronti\u00e8re"},"content":{"rendered":"<p>[et_pb_section fb_built=\u00a0\u00bb1&Prime; _builder_version=\u00a0\u00bb4.16&Prime; _module_preset=\u00a0\u00bbdefault\u00a0\u00bb custom_margin=\u00a0\u00bb||30px||false|false\u00a0\u00bb da_disable_devices=\u00a0\u00bboff|off|off\u00a0\u00bb global_colors_info=\u00a0\u00bb{}\u00a0\u00bb da_is_popup=\u00a0\u00bboff\u00a0\u00bb da_exit_intent=\u00a0\u00bboff\u00a0\u00bb da_has_close=\u00a0\u00bbon\u00a0\u00bb da_alt_close=\u00a0\u00bboff\u00a0\u00bb da_dark_close=\u00a0\u00bboff\u00a0\u00bb da_not_modal=\u00a0\u00bbon\u00a0\u00bb da_is_singular=\u00a0\u00bboff\u00a0\u00bb da_with_loader=\u00a0\u00bboff\u00a0\u00bb da_has_shadow=\u00a0\u00bbon\u00a0\u00bb][et_pb_row column_structure=\u00a0\u00bb2_5,3_5&Prime; _builder_version=\u00a0\u00bb4.16&Prime; _module_preset=\u00a0\u00bbdefault\u00a0\u00bb global_colors_info=\u00a0\u00bb{}\u00a0\u00bb][et_pb_column type=\u00a0\u00bb2_5&Prime; _builder_version=\u00a0\u00bb4.16&Prime; _module_preset=\u00a0\u00bbdefault\u00a0\u00bb global_colors_info=\u00a0\u00bb{}\u00a0\u00bb][et_pb_image src=\u00a0\u00bbhttps:\/\/julienpilon.fr\/wp-content\/uploads\/2020\/11\/viognier-frontiere.jpg\u00a0\u00bb alt=\u00a0\u00bbCuv\u00e9e Viognier Fronti\u00e8re vin de c\u00e9page blanc\u00a0\u00bb title_text=\u00a0\u00bbviognier-frontiere\u00a0\u00bb show_bottom_space=\u00a0\u00bboff\u00a0\u00bb _builder_version=\u00a0\u00bb4.16&Prime; _module_preset=\u00a0\u00bbdefault\u00a0\u00bb border_radii=\u00a0\u00bboff|8px|8px|8px|8px\u00a0\u00bb global_colors_info=\u00a0\u00bb{}\u00a0\u00bb][\/et_pb_image][\/et_pb_column][et_pb_column type=\u00a0\u00bb3_5&Prime; _builder_version=\u00a0\u00bb4.16&Prime; _module_preset=\u00a0\u00bbdefault\u00a0\u00bb global_colors_info=\u00a0\u00bb{}\u00a0\u00bb][et_pb_text _builder_version=\u00a0\u00bb4.16&Prime; _module_preset=\u00a0\u00bbdefault\u00a0\u00bb text_font_size=\u00a0\u00bb30px\u00a0\u00bb global_colors_info=\u00a0\u00bb{}\u00a0\u00bb]<\/p>\n<p><em>fronti\u00e8re<\/em><\/p>\n<p>[\/et_pb_text][et_pb_text _builder_version=\u00a0\u00bb4.16&Prime; _module_preset=\u00a0\u00bbdefault\u00a0\u00bb global_colors_info=\u00a0\u00bb{}\u00a0\u00bb]<\/p>\n<blockquote>\n<p><em>Terroir le plus au nord de la vall\u00e9e du Rh\u00f4ne. Ce secteur marque une coupure \u00e0 la fois climatique et viticole avec les monts du Lyonnais et le Beaujolais plus au nord, aux enc\u00e9pagements diff\u00e9rent.<\/em><\/p>\n<\/blockquote>\n<p>[\/et_pb_text][et_pb_text _builder_version=\u00a0\u00bb4.16&Prime; _module_preset=\u00a0\u00bbdefault\u00a0\u00bb global_colors_info=\u00a0\u00bb{}\u00a0\u00bb]<\/p>\n<p><span><b>Terroir de Seyssuel<\/b><\/span><\/p>\n<p><span><b>C\u00e9page <\/b><\/span><span>100 % Viognier.<\/span><\/p>\n<p><span><b>Vignoble <\/b><\/span><span>Vigne du coteau de Seyssuel, au nord<span class=\"Apple-converted-space\">\u00a0<\/span><\/span><span>de Vienne, sur la rive gauche du Rh\u00f4ne. Ce vignoble,<span class=\"Apple-converted-space\">\u00a0<\/span><\/span><span>le plus septentrional de la vall\u00e9e, offre une exposition ouest\/sud-ouest. La densit\u00e9 de plantation est \u00e9lev\u00e9e, environ 9\u00a0000 pieds\/ha.<\/span><\/p>\n<p><span><b>Terroir <\/b><\/span><span>Schistes.<\/span><\/p>\n<p><span><b>Vinification <\/b><\/span><span>La parcelle est r\u00e9colt\u00e9e manuellement,<span class=\"Apple-converted-space\">\u00a0<\/span><\/span><span>les raisins sont press\u00e9s puis le jus est <\/span><span>d\u00e9bourb\u00e9 s\u00e9v\u00e8rement. La fermentation alcoolique \u00e0 basse temp\u00e9rature est lente et la fermentation malo-lactique est compl\u00e8te.<span class=\"Apple-converted-space\">\u00a0<\/span><\/span><\/p>\n<p><span><b>\u00c9levage <\/b><\/span><span>10 mois sur lies.<\/span><\/p>\n<p><span><b>Degr\u00e9 alcoolique <\/b><\/span><span>13,5 % vol.<\/span><\/p>\n<p><span><b>D\u00e9gustation <\/b><\/span><span>Cultiv\u00e9 sur schiste, le viognier donne<span class=\"Apple-converted-space\">\u00a0<\/span><\/span><span>ici une interpr\u00e9tation nouvelle de son potentiel.<span class=\"Apple-converted-space\">\u00a0<\/span><\/span><span>Le nez, tr\u00e8s intense, est fin et frais\u2009; la bouche, d\u2019une belle concentration, termine sur des notes salines.<span class=\"Apple-converted-space\">\u00a0<\/span><\/span><\/p>\n<p>[\/et_pb_text][et_pb_button button_url=\u00a0\u00bbhttps:\/\/www.restonsenvigne.fr\/domaines\/cave-julien-pilon\/\u00a0\u00bb url_new_window=\u00a0\u00bbon\u00a0\u00bb button_text=\u00a0\u00bbacheter ce vin\u00a0\u00bb _builder_version=\u00a0\u00bb4.27.6&Prime; _module_preset=\u00a0\u00bbdefault\u00a0\u00bb custom_button=\u00a0\u00bbon\u00a0\u00bb button_text_color=\u00a0\u00bb#FFFFFF\u00a0\u00bb button_bg_color=\u00a0\u00bb#8B8075&Prime; button_use_icon=\u00a0\u00bboff\u00a0\u00bb hover_enabled=\u00a0\u00bb0&Prime; locked=\u00a0\u00bboff\u00a0\u00bb global_colors_info=\u00a0\u00bb{}\u00a0\u00bb sticky_enabled=\u00a0\u00bb0&Prime;][\/et_pb_button][et_pb_code _builder_version=\u00a0\u00bb4.16&Prime; _module_preset=\u00a0\u00bbdefault\u00a0\u00bb background_color=\u00a0\u00bbrgba(0,0,0,0)\u00a0\u00bb text_orientation=\u00a0\u00bbleft\u00a0\u00bb border_color_all=\u00a0\u00bb#8b8075&Prime; global_colors_info=\u00a0\u00bb{}\u00a0\u00bb]<\/p>\n<form><!-- [et_pb_line_break_holder] -->  <input class=\"et_pb_button\" style=\"cursor: pointer\" type=\"button\" value=\"retour \u00e0 la liste\" onclick=\"history.back()\"><!-- [et_pb_line_break_holder] --><\/form>\n<p>[\/et_pb_code][\/et_pb_column][\/et_pb_row][\/et_pb_section]<\/p>\n","protected":false},"excerpt":{"rendered":"<p>Cultiv\u00e9 sur schiste, le viognier donne ici une interpr\u00e9tation nouvelle de son potentiel.<br \/>\nLe nez, tr\u00e8s intense, est fin et frais\u2009; la bouche, d\u2019une belle concentration, termine sur des notes salines. <\/p>\n","protected":false},"author":1,"featured_media":1036,"comment_status":"closed","ping_status":"closed","template":"","meta":{"_et_pb_use_builder":"on","_et_pb_old_content":"","_et_gb_content_width":"","footnotes":""},"project_category":[5],"project_tag":[],"class_list":["post-445","project","type-project","status-publish","has-post-thumbnail","hentry","project_category-vin-de-cepage-blanc"],"yoast_head":"<!-- This site is optimized with the Yoast SEO plugin v27.5 - https:\/\/yoast.com\/product\/yoast-seo-wordpress\/ -->\n<title>fronti\u00e8re - Julien Pilon<\/title>\n<meta name=\"robots\" content=\"index, follow, max-snippet:-1, max-image-preview:large, max-video-preview:-1\" \/>\n<link rel=\"canonical\" href=\"https:\/\/julienpilon.fr\/index.php\/project\/syrah-frontiere\/\" \/>\n<meta property=\"og:locale\" content=\"fr_FR\" \/>\n<meta property=\"og:type\" content=\"article\" \/>\n<meta property=\"og:title\" content=\"fronti\u00e8re - Julien Pilon\" \/>\n<meta property=\"og:description\" content=\"Cultiv\u00e9 sur schiste, le viognier donne ici une interpr\u00e9tation nouvelle de son potentiel. Le nez, tr\u00e8s intense, est fin et frais\u2009; la bouche, d\u2019une belle concentration, termine sur des notes salines.\" \/>\n<meta property=\"og:url\" content=\"https:\/\/julienpilon.fr\/index.php\/project\/syrah-frontiere\/\" \/>\n<meta property=\"og:site_name\" content=\"Julien Pilon\" \/>\n<meta property=\"article:modified_time\" content=\"2026-03-26T15:18:41+00:00\" \/>\n<meta property=\"og:image\" content=\"https:\/\/julienpilon.fr\/wp-content\/uploads\/2020\/11\/viognier-frontiere.jpg\" \/>\n\t<meta property=\"og:image:width\" content=\"1080\" \/>\n\t<meta property=\"og:image:height\" content=\"1920\" \/>\n\t<meta property=\"og:image:type\" content=\"image\/jpeg\" \/>\n<meta name=\"twitter:card\" content=\"summary_large_image\" \/>\n<meta name=\"twitter:label1\" content=\"Dur\u00e9e de lecture estim\u00e9e\" \/>\n\t<meta name=\"twitter:data1\" content=\"2 minutes\" \/>\n<script type=\"application\/ld+json\" class=\"yoast-schema-graph\">{\"@context\":\"https:\\\/\\\/schema.org\",\"@graph\":[{\"@type\":\"WebPage\",\"@id\":\"https:\\\/\\\/julienpilon.fr\\\/index.php\\\/project\\\/syrah-frontiere\\\/\",\"url\":\"https:\\\/\\\/julienpilon.fr\\\/index.php\\\/project\\\/syrah-frontiere\\\/\",\"name\":\"fronti\u00e8re - Julien Pilon\",\"isPartOf\":{\"@id\":\"https:\\\/\\\/julienpilon.fr\\\/#website\"},\"primaryImageOfPage\":{\"@id\":\"https:\\\/\\\/julienpilon.fr\\\/index.php\\\/project\\\/syrah-frontiere\\\/#primaryimage\"},\"image\":{\"@id\":\"https:\\\/\\\/julienpilon.fr\\\/index.php\\\/project\\\/syrah-frontiere\\\/#primaryimage\"},\"thumbnailUrl\":\"https:\\\/\\\/julienpilon.fr\\\/wp-content\\\/uploads\\\/2020\\\/11\\\/viognier-frontiere.jpg\",\"datePublished\":\"2020-12-07T16:30:00+00:00\",\"dateModified\":\"2026-03-26T15:18:41+00:00\",\"breadcrumb\":{\"@id\":\"https:\\\/\\\/julienpilon.fr\\\/index.php\\\/project\\\/syrah-frontiere\\\/#breadcrumb\"},\"inLanguage\":\"fr-FR\",\"potentialAction\":[{\"@type\":\"ReadAction\",\"target\":[\"https:\\\/\\\/julienpilon.fr\\\/index.php\\\/project\\\/syrah-frontiere\\\/\"]}]},{\"@type\":\"ImageObject\",\"inLanguage\":\"fr-FR\",\"@id\":\"https:\\\/\\\/julienpilon.fr\\\/index.php\\\/project\\\/syrah-frontiere\\\/#primaryimage\",\"url\":\"https:\\\/\\\/julienpilon.fr\\\/wp-content\\\/uploads\\\/2020\\\/11\\\/viognier-frontiere.jpg\",\"contentUrl\":\"https:\\\/\\\/julienpilon.fr\\\/wp-content\\\/uploads\\\/2020\\\/11\\\/viognier-frontiere.jpg\",\"width\":1080,\"height\":1920,\"caption\":\"Cuv\u00e9e Viognier Fronti\u00e8re vin de c\u00e9page blanc\"},{\"@type\":\"BreadcrumbList\",\"@id\":\"https:\\\/\\\/julienpilon.fr\\\/index.php\\\/project\\\/syrah-frontiere\\\/#breadcrumb\",\"itemListElement\":[{\"@type\":\"ListItem\",\"position\":1,\"name\":\"Accueil\",\"item\":\"https:\\\/\\\/julienpilon.fr\\\/\"},{\"@type\":\"ListItem\",\"position\":2,\"name\":\"Projets\",\"item\":\"https:\\\/\\\/julienpilon.fr\\\/index.php\\\/project\\\/\"},{\"@type\":\"ListItem\",\"position\":3,\"name\":\"fronti\u00e8re\"}]},{\"@type\":\"WebSite\",\"@id\":\"https:\\\/\\\/julienpilon.fr\\\/#website\",\"url\":\"https:\\\/\\\/julienpilon.fr\\\/\",\"name\":\"Julien Pilon\",\"description\":\"vins de la vall\u00e9e du Rh\u00f4ne\",\"potentialAction\":[{\"@type\":\"SearchAction\",\"target\":{\"@type\":\"EntryPoint\",\"urlTemplate\":\"https:\\\/\\\/julienpilon.fr\\\/?s={search_term_string}\"},\"query-input\":{\"@type\":\"PropertyValueSpecification\",\"valueRequired\":true,\"valueName\":\"search_term_string\"}}],\"inLanguage\":\"fr-FR\"}]}<\/script>\n<!-- \/ Yoast SEO plugin. -->","yoast_head_json":{"title":"fronti\u00e8re - Julien Pilon","robots":{"index":"index","follow":"follow","max-snippet":"max-snippet:-1","max-image-preview":"max-image-preview:large","max-video-preview":"max-video-preview:-1"},"canonical":"https:\/\/julienpilon.fr\/index.php\/project\/syrah-frontiere\/","og_locale":"fr_FR","og_type":"article","og_title":"fronti\u00e8re - Julien Pilon","og_description":"Cultiv\u00e9 sur schiste, le viognier donne ici une interpr\u00e9tation nouvelle de son potentiel. Le nez, tr\u00e8s intense, est fin et frais\u2009; la bouche, d\u2019une belle concentration, termine sur des notes salines.","og_url":"https:\/\/julienpilon.fr\/index.php\/project\/syrah-frontiere\/","og_site_name":"Julien Pilon","article_modified_time":"2026-03-26T15:18:41+00:00","og_image":[{"width":1080,"height":1920,"url":"https:\/\/julienpilon.fr\/wp-content\/uploads\/2020\/11\/viognier-frontiere.jpg","type":"image\/jpeg"}],"twitter_card":"summary_large_image","twitter_misc":{"Dur\u00e9e de lecture estim\u00e9e":"2 minutes"},"schema":{"@context":"https:\/\/schema.org","@graph":[{"@type":"WebPage","@id":"https:\/\/julienpilon.fr\/index.php\/project\/syrah-frontiere\/","url":"https:\/\/julienpilon.fr\/index.php\/project\/syrah-frontiere\/","name":"fronti\u00e8re - Julien Pilon","isPartOf":{"@id":"https:\/\/julienpilon.fr\/#website"},"primaryImageOfPage":{"@id":"https:\/\/julienpilon.fr\/index.php\/project\/syrah-frontiere\/#primaryimage"},"image":{"@id":"https:\/\/julienpilon.fr\/index.php\/project\/syrah-frontiere\/#primaryimage"},"thumbnailUrl":"https:\/\/julienpilon.fr\/wp-content\/uploads\/2020\/11\/viognier-frontiere.jpg","datePublished":"2020-12-07T16:30:00+00:00","dateModified":"2026-03-26T15:18:41+00:00","breadcrumb":{"@id":"https:\/\/julienpilon.fr\/index.php\/project\/syrah-frontiere\/#breadcrumb"},"inLanguage":"fr-FR","potentialAction":[{"@type":"ReadAction","target":["https:\/\/julienpilon.fr\/index.php\/project\/syrah-frontiere\/"]}]},{"@type":"ImageObject","inLanguage":"fr-FR","@id":"https:\/\/julienpilon.fr\/index.php\/project\/syrah-frontiere\/#primaryimage","url":"https:\/\/julienpilon.fr\/wp-content\/uploads\/2020\/11\/viognier-frontiere.jpg","contentUrl":"https:\/\/julienpilon.fr\/wp-content\/uploads\/2020\/11\/viognier-frontiere.jpg","width":1080,"height":1920,"caption":"Cuv\u00e9e Viognier Fronti\u00e8re vin de c\u00e9page blanc"},{"@type":"BreadcrumbList","@id":"https:\/\/julienpilon.fr\/index.php\/project\/syrah-frontiere\/#breadcrumb","itemListElement":[{"@type":"ListItem","position":1,"name":"Accueil","item":"https:\/\/julienpilon.fr\/"},{"@type":"ListItem","position":2,"name":"Projets","item":"https:\/\/julienpilon.fr\/index.php\/project\/"},{"@type":"ListItem","position":3,"name":"fronti\u00e8re"}]},{"@type":"WebSite","@id":"https:\/\/julienpilon.fr\/#website","url":"https:\/\/julienpilon.fr\/","name":"Julien Pilon","description":"vins de la vall\u00e9e du Rh\u00f4ne","potentialAction":[{"@type":"SearchAction","target":{"@type":"EntryPoint","urlTemplate":"https:\/\/julienpilon.fr\/?s={search_term_string}"},"query-input":{"@type":"PropertyValueSpecification","valueRequired":true,"valueName":"search_term_string"}}],"inLanguage":"fr-FR"}]}},"_links":{"self":[{"href":"https:\/\/julienpilon.fr\/index.php\/wp-json\/wp\/v2\/project\/445","targetHints":{"allow":["GET"]}}],"collection":[{"href":"https:\/\/julienpilon.fr\/index.php\/wp-json\/wp\/v2\/project"}],"about":[{"href":"https:\/\/julienpilon.fr\/index.php\/wp-json\/wp\/v2\/types\/project"}],"author":[{"embeddable":true,"href":"https:\/\/julienpilon.fr\/index.php\/wp-json\/wp\/v2\/users\/1"}],"replies":[{"embeddable":true,"href":"https:\/\/julienpilon.fr\/index.php\/wp-json\/wp\/v2\/comments?post=445"}],"version-history":[{"count":21,"href":"https:\/\/julienpilon.fr\/index.php\/wp-json\/wp\/v2\/project\/445\/revisions"}],"predecessor-version":[{"id":1925,"href":"https:\/\/julienpilon.fr\/index.php\/wp-json\/wp\/v2\/project\/445\/revisions\/1925"}],"wp:featuredmedia":[{"embeddable":true,"href":"https:\/\/julienpilon.fr\/index.php\/wp-json\/wp\/v2\/media\/1036"}],"wp:attachment":[{"href":"https:\/\/julienpilon.fr\/index.php\/wp-json\/wp\/v2\/media?parent=445"}],"wp:term":[{"taxonomy":"project_category","embeddable":true,"href":"https:\/\/julienpilon.fr\/index.php\/wp-json\/wp\/v2\/project_category?post=445"},{"taxonomy":"project_tag","embeddable":true,"href":"https:\/\/julienpilon.fr\/index.php\/wp-json\/wp\/v2\/project_tag?post=445"}],"curies":[{"name":"wp","href":"https:\/\/api.w.org\/{rel}","templated":true}]}}